{"id":3,"date":"2023-01-12T10:07:27","date_gmt":"2023-01-12T10:07:27","guid":{"rendered":"http:\/\/new.safemotion.info\/?page_id=3"},"modified":"2023-05-22T12:04:38","modified_gmt":"2023-05-22T12:04:38","slug":"ochrona-danych","status":"publish","type":"page","link":"https:\/\/james4work.com\/pl\/ochrona-danych","title":{"rendered":"Ochrona danych osobowych"},"content":{"rendered":"<section class=\"bde-section-3-100 bde-section\">\n  \n  \n\t\n\n\n\n<div class=\"section-container\"><h1 class=\"bde-heading-3-101 bde-heading\">\nPolityka prywatno\u015bci\n<\/h1><h4 class=\"bde-heading-3-102 bde-heading\">\nData ostatniej aktualizacji: 1 stycznia 2023 r.\n<\/h4><div class=\"bde-columns-3-103 bde-columns\"><div class=\"bde-column-3-104 bde-column\">\n  \n  \n\t\n\n\n\n<div class=\"bde-rich-text-3-105 bde-rich-text breakdance-rich-text-styles\">\n<h3>Podstawy<\/h3><p>ilogs healthcare GmbH - zwana dalej \"ILOGS\" - przywi\u0105zuje du\u017c\u0105 wag\u0119 do ochrony danych osobowych u\u017cytkownik\u00f3w. Przetwarzaj\u0105c Twoje dane, przestrzegamy aktualnych przepis\u00f3w europejskiego og\u00f3lnego rozporz\u0105dzenia o ochronie danych (RODO) z p\u00f3\u017aniejszymi zmianami.  Poni\u017cej znajdziesz wyja\u015bnienie, w jaki spos\u00f3b przetwarzamy Twoje dane osobowe, gdy korzystasz z naszej strony internetowej, sklepu internetowego, aplikacji internetowej, aplikacji na smartfony i us\u0142ug lub kontaktujesz si\u0119 z naszym wsparciem.<\/p><h3>Zmiany w niniejszej polityce prywatno\u015bci<\/h3><p>B\u0119dziemy regularnie weryfikowa\u0107 i aktualizowa\u0107 niniejsz\u0105 Polityk\u0119 prywatno\u015bci zgodnie ze zmieniaj\u0105cymi si\u0119 zmianami prawnymi, technicznymi i biznesowymi. Gdy zaktualizujemy niniejsz\u0105 Polityk\u0119 prywatno\u015bci, dat\u0119 ostatniej aktualizacji umie\u015bcimy w g\u00f3rnej cz\u0119\u015bci niniejszego o\u015bwiadczenia. Zach\u0119camy do okresowego zapoznawania si\u0119 z niniejsz\u0105 Informacj\u0105 o ochronie prywatno\u015bci, aby by\u0107 na bie\u017c\u0105co z informacjami o tym, jak chronimy dane osobowe u\u017cytkownik\u00f3w<\/p>\n<\/div>\n<\/div><div class=\"bde-column-3-106 bde-column\">\n  \n  \n\t\n\n\n\n<div class=\"bde-rich-text-3-107 bde-rich-text breakdance-rich-text-styles\">\n<h3>Osoba odpowiedzialna za przetwarzanie danych<\/h3><p><br>Odpowiedzialnym za przetwarzanie danych osobowych jest<\/p><p><strong>ilogs healthcare GmbH, Krone Platz 1, 9020 Klagenfurt am W\u00f6rthersee, Austria<\/strong><\/p><p>W razie jakichkolwiek pyta\u0144 prosimy o kontakt mailowy:&nbsp; <a target=\"_blank\" rel=\"noopener noreferrer nofollow\" href=\"mailto:datenschutz@ilogs.care\">datenschutz@ilogs.care<\/a> lub napisa\u0107 bezpo\u015brednio do naszego inspektora ochrony danych:<\/p><p>ilogs healthcare GmbH <br>Do wiadomo\u015bci Andreasa Jansy, ochrona danych osobowych<br>Miejsce korony 1<br>9020 Klagenfurt am W\u00f6rthersee<br>Austria<\/p>\n<\/div>\n<\/div><\/div><div class=\"bde-fancy-divider-3-108 bde-fancy-divider\">\n\n\n<div class=\"bde-fancy-divider__wrapper\">\n  <div class=\"bde-fancy-divider__separator\">\n  \t  <\/div>\n<\/div>\n\n<\/div><h2 class=\"bde-heading-3-109 bde-heading\">\nJakie dane s\u0105 zbierane od u\u017cytkownika i w jaki spos\u00f3b\n<\/h2><div class=\"bde-rich-text-3-110 bde-rich-text breakdance-rich-text-styles\">\n<p><strong>W zale\u017cno\u015bci od celu i sposobu, w jaki u\u017cytkownik kontaktuje si\u0119 z nami lub z kt\u00f3rego z naszych produkt\u00f3w korzysta, u\u017cytkownik mo\u017ce przekazywa\u0107 nam dane, kt\u00f3re przetwarzamy.<\/strong><\/p><p>Poni\u017cej znajduje si\u0119 przegl\u0105d danych, kt\u00f3re mo\u017cna nam przekazywa\u0107 za po\u015brednictwem poszczeg\u00f3lnych kana\u0142\u00f3w.<\/p><p>&nbsp;<\/p><h4>Jakie kana\u0142y s\u0105 wykorzystywane do zbierania danych?<\/h4><p>Mo\u017cesz skontaktowa\u0107 si\u0119 z nami na r\u00f3\u017cne sposoby. Dane s\u0105 zbierane od u\u017cytkownika w celu \u015bwiadczenia naszych us\u0142ug.  Obejmuje to nasz\u0105 stron\u0119 internetow\u0105, sklep internetowy, aplikacj\u0119 internetow\u0105, aplikacje na smartfony (James App i James Chat App) i us\u0142ugi, a tak\u017ce kontakt z naszym zespo\u0142em wsparcia.<\/p><h4>Dane przekazywane nam przez u\u017cytkownika<\/h4><p>Podczas korzystania z naszych narz\u0119dzi i us\u0142ug u\u017cytkownik mo\u017ce przekazywa\u0107 nam nast\u0119puj\u0105ce dane osobowe:<\/p><p>- Dane podstawowe, takie jak imi\u0119, nazwisko, nazwa u\u017cytkownika, zdj\u0119cie profilowe, tytu\u0142<\/p><p>- Dane kontaktowe, takie jak adres rozliczeniowy, adres dostawy, adres domowy, adres e-mail, telefon<\/p><p>- Dane logowania, takie jak nazwa u\u017cytkownika, has\u0142o do naszych system\u00f3w<\/p><p>- Dane komunikacyjne dotycz\u0105ce tekst\u00f3w i obraz\u00f3w wysy\u0142anych i odbieranych za po\u015brednictwem naszych funkcji czatu<\/p><h4>Dane zbierane automatycznie od u\u017cytkownika<\/h4><p>Opr\u00f3cz danych przekazanych nam przez u\u017cytkownika gromadzone s\u0105 nast\u0119puj\u0105ce dane:<\/p><p>- Dane techniczne, takie jak adres MAC i IP, typ przegl\u0105darki, system operacyjny, typ urz\u0105dzenia u\u017cywanego do uzyskiwania dost\u0119pu do naszych witryn internetowych i aplikacji<\/p><p>- Dane dotycz\u0105ce u\u017cytkowania funkcji, z kt\u00f3rych u\u017cytkownik korzysta w naszych witrynach internetowych i aplikacjach<\/p><p>- Tre\u015b\u0107 rozm\u00f3w z naszym dzia\u0142em pomocy technicznej mo\u017ce by\u0107 zapisywana w biletach do dalszych dzia\u0142a\u0144.<\/p><h4>Dane pochodz\u0105ce od stron trzecich<\/h4><p>W przypadku przekazywania nam danych od os\u00f3b trzecich, takich jak dane osoby obj\u0119tej opiek\u0105 i os\u00f3b kontaktowych w ramach alarmu lub czatu i kontakt\u00f3w wideo, nale\u017cy upewni\u0107 si\u0119, \u017ce uzyskano zgod\u0119 tych os\u00f3b na przekazanie nam ich danych.<\/p>\n<\/div><div class=\"bde-fancy-divider-3-111 bde-fancy-divider\">\n\n\n<div class=\"bde-fancy-divider__wrapper\">\n  <div class=\"bde-fancy-divider__separator\">\n  \t  <\/div>\n<\/div>\n\n<\/div><h2 class=\"bde-heading-3-112 bde-heading\">\nJak chronimy dane u\u017cytkownik\u00f3w \n<\/h2><div class=\"bde-rich-text-3-113 bde-rich-text breakdance-rich-text-styles\">\n<h4>Miejsce przetwarzania danych<\/h4><p>Dane u\u017cytkownika s\u0105 przetwarzane na terenie UE i Europejskiego Obszaru Gospodarczego. Obecnie jest to centrum danych w Austrii posiadaj\u0105ce certyfikaty ISO 9001:2015 i ISO 27001:2013. Transfer danych z zegarka do centrum danych jest szyfrowany.<\/p><h4>\u015arodki techniczne i organizacyjne (TOM)<\/h4><p>TOM s\u0105 wdra\u017cane przez ILOGS zgodnie z RODO. S\u0105 one stale oceniane pod k\u0105tem wykonalno\u015bci i stanu techniki oraz, w razie potrzeby, ulepszane i podnoszone do wy\u017cszego poziomu bezpiecze\u0144stwa i ochrony.<\/p>\n<\/div><div class=\"bde-fancy-divider-3-114 bde-fancy-divider\">\n\n\n<div class=\"bde-fancy-divider__wrapper\">\n  <div class=\"bde-fancy-divider__separator\">\n  \t  <\/div>\n<\/div>\n\n<\/div><h2 class=\"bde-heading-3-115 bde-heading\">\nW jakich celach dane u\u017cytkownika b\u0119d\u0105 przetwarzane?\n<\/h2><div class=\"bde-rich-text-3-116 bde-rich-text breakdance-rich-text-styles\">\n<p>Dane zebrane od u\u017cytkownika b\u0119d\u0105 przetwarzane w nast\u0119puj\u0105cych konkretnych celach. Jednocze\u015bnie mog\u0105 mie\u0107 zastosowanie r\u00f3\u017cne cele.<\/p><p>- Dostarczanie produktu i us\u0142ug<\/p><p>- Op\u0142aty za nasze us\u0142ugi<\/p><p>- Komunikacja z u\u017cytkownikiem w zwi\u0105zku z jego zapytaniami<\/p><p>- Ulepszanie naszych produkt\u00f3w i us\u0142ug<\/p><p>- Marketing: mo\u017cemy informowa\u0107 u\u017cytkownika o nowych produktach za po\u015brednictwem poczty elektronicznej.<\/p>\n<\/div><div class=\"bde-fancy-divider-3-117 bde-fancy-divider\">\n\n\n<div class=\"bde-fancy-divider__wrapper\">\n  <div class=\"bde-fancy-divider__separator\">\n  \t  <\/div>\n<\/div>\n\n<\/div><h2 class=\"bde-heading-3-118 bde-heading\">\nUjawnianie informacji stronom trzecim \n<\/h2><div class=\"bde-rich-text-3-119 bde-rich-text breakdance-rich-text-styles\">\n<p>Aby \u015bwiadczy\u0107 nasze us\u0142ugi, korzystamy z pomocy zewn\u0119trznych system\u00f3w i zewn\u0119trznych dostawc\u00f3w w kilku obszarach, z kt\u00f3rych niekt\u00f3re przetwarzaj\u0105 dla nas dane osobowe u\u017cytkownik\u00f3w.  Poni\u017cej znajduje si\u0119 lista dostawc\u00f3w zewn\u0119trznych i wykorzystywanych system\u00f3w.<\/p><p>-&nbsp;&nbsp;&nbsp;&nbsp;&nbsp;&nbsp; <strong>BringOff Assistance OG<\/strong> Telefoniczne centrum obs\u0142ugi alarm\u00f3w w Austrii<\/p><p>-&nbsp;&nbsp;&nbsp;&nbsp;&nbsp;&nbsp; <strong>ServiceCall AG<\/strong> Centrum telefoniczne do obs\u0142ugi alarm\u00f3w w Niemczech<\/p><p>-&nbsp;&nbsp;&nbsp;&nbsp;&nbsp;&nbsp; <strong>Microsoft 365<\/strong> przetwarzanie zapyta\u0144 przesy\u0142anych poczt\u0105 elektroniczn\u0105<\/p><p>-&nbsp;&nbsp;&nbsp;&nbsp;&nbsp;&nbsp; <strong>Atlassian Jira<\/strong> w celu przetwarzania zapyta\u0144 kierowanych do nas przez u\u017cytkownika (r\u00f3wnie\u017c telefonicznie i poczt\u0105 elektroniczn\u0105)<\/p><p>-&nbsp;&nbsp;&nbsp;&nbsp;&nbsp;&nbsp; <strong>Google Analytics<\/strong> analizowanie aktywno\u015bci na naszej stronie internetowej<\/p><p>-&nbsp;&nbsp;&nbsp;&nbsp;&nbsp;&nbsp; <strong>WooCommerce<\/strong> przetwarzanie zakup\u00f3w w naszym sklepie internetowym<\/p><p>-&nbsp;&nbsp;&nbsp;&nbsp;&nbsp;&nbsp; <strong>GoCardless<\/strong> do przetwarzania p\u0142atno\u015bci SEPA<\/p><p>-&nbsp;&nbsp;&nbsp;&nbsp;&nbsp;&nbsp; <strong>QuickBlox<\/strong> do przetwarzania po\u0142\u0105cze\u0144 wideo, a tak\u017ce obraz\u00f3w i wiadomo\u015bci tekstowych wysy\u0142anych i odbieranych na czacie<\/p>\n<\/div><div class=\"bde-fancy-divider-3-120 bde-fancy-divider\">\n\n\n<div class=\"bde-fancy-divider__wrapper\">\n  <div class=\"bde-fancy-divider__separator\">\n  \t  <\/div>\n<\/div>\n\n<\/div><h2 class=\"bde-heading-3-121 bde-heading\">\nJak d\u0142ugo dane b\u0119d\u0105 przetwarzane\n<\/h2><div class=\"bde-rich-text-3-122 bde-rich-text breakdance-rich-text-styles\">\n<p>B\u0119dziemy przechowywa\u0107 zebrane od u\u017cytkownika dane osobowe tak d\u0142ugo, jak b\u0119dzie to konieczne ze wzgl\u0119d\u00f3w biznesowych i\/lub prawnych i\/lub tak d\u0142ugo, jak b\u0119dzie to konieczne do realizacji cel\u00f3w okre\u015blonych w niniejszej Polityce prywatno\u015bci, chyba \u017ce d\u0142u\u017cszy okres przechowywania jest wymagany lub dozwolony przez prawo (na przyk\u0142ad do cel\u00f3w podatkowych, prawnych, ksi\u0119gowych lub innych).<\/p><p>Je\u015bli nie ma uzasadnionej potrzeby biznesowej przetwarzania danych osobowych u\u017cytkownika, a dane te nie s\u0105 ju\u017c wymagane do \u015bwiadczenia naszych us\u0142ug, usuniemy je nieodwracalnie po up\u0142ywie 90 dni.<\/p>\n<\/div><div class=\"bde-fancy-divider-3-123 bde-fancy-divider\">\n\n\n<div class=\"bde-fancy-divider__wrapper\">\n  <div class=\"bde-fancy-divider__separator\">\n  \t  <\/div>\n<\/div>\n\n<\/div><h2 class=\"bde-heading-3-124 bde-heading\">\nPliki cookie\n<\/h2><div class=\"bde-rich-text-3-125 bde-rich-text breakdance-rich-text-styles\">\n<p>Strona internetowa lub oprogramowanie zainstalowane na serwerze wykorzystuje pliki cookies. Pliki cookie to pliki tekstowe, kt\u00f3re odbieraj\u0105 informacje i umo\u017cliwiaj\u0105 korzystanie z rozszerzonych funkcji (np. sprawdzanie ochrony przed spamem w formularzu kontaktowym - je\u015bli jest aktywowane). (Pliki cookie przechowuj\u0105 tylko niezb\u0119dne informacje i nie mog\u0105 powodowa\u0107 \u017cadnych uszkodze\u0144 komputera. U\u017cytkownik mo\u017ce samodzielnie zdefiniowa\u0107 okres przechowywania plik\u00f3w cookie w profilu przegl\u0105darki i w dowolnym momencie samodzielnie usun\u0105\u0107 pliki cookie ze swojego komputera. Pliki cookie s\u0105 technicznie niezb\u0119dne do zagwarantowania pe\u0142nej funkcjonalno\u015bci tej witryny przez ca\u0142y czas.<\/p>\n<\/div><div class=\"bde-fancy-divider-3-126 bde-fancy-divider\">\n\n\n<div class=\"bde-fancy-divider__wrapper\">\n  <div class=\"bde-fancy-divider__separator\">\n  \t  <\/div>\n<\/div>\n\n<\/div><h2 class=\"bde-heading-3-127 bde-heading\">\nPrawa u\u017cytkownika do ochrony danych\n<\/h2><div class=\"bde-rich-text-3-128 bde-rich-text breakdance-rich-text-styles\">\n<p>Prawa te przys\u0142uguj\u0105 r\u00f3wnie\u017c u\u017cytkownikowi ko\u0144cowemu, kt\u00f3ry zawar\u0142 umow\u0119 z partnerem handlowym ILOGS.<\/p><p><strong>Obowi\u0105zek informowania<\/strong><br>Osoby, kt\u00f3rych dane dotycz\u0105, musz\u0105 by\u0107 informowane o szczeg\u00f3\u0142ach przetwarzania danych i przys\u0142uguj\u0105cych im prawach (kto\/co\/kiedy\/gdzie\/jak\/dlaczego).<\/p><p><strong>Prawo do informacji<\/strong><br>Musi istnie\u0107 mo\u017cliwo\u015b\u0107 oddzielenia informacji o tym, kt\u00f3re dane osoby, kt\u00f3rej dane dotycz\u0105, s\u0105 przechowywane lub przetwarzane od danych innych os\u00f3b.<\/p><p><strong>Prawo do sprostowania<\/strong><u><br><\/u>Aby unikn\u0105\u0107 nieprawid\u0142owych analiz.<\/p><p><strong>Prawo do usuni\u0119cia danych (\"prawo do bycia zapomnianym\")<\/strong><u><br><\/u>W przypadku braku konieczno\u015bci, zgody i zgodno\u015bci z prawem. Dane osobowe musz\u0105 r\u00f3wnie\u017c zosta\u0107 usuni\u0119te po wyga\u015bni\u0119ciu (np. po zako\u0144czeniu relacji biznesowych).<\/p><p><strong>Prawo do ograniczenia przetwarzania<\/strong><br>Na czas trwania audyt\u00f3w lub obrony przed roszczeniami prawnymi. Musi istnie\u0107 mo\u017cliwo\u015b\u0107 wy\u0142\u0105czenia danych z przetwarzania bez ich usuwania.<\/p><p><strong>Prawo do przekazywania danych<\/strong><br>Dane osobowe musz\u0105 by\u0107 przekazywane innym us\u0142ugodawcom na \u017c\u0105danie. Musi si\u0119 to odbywa\u0107 automatycznie lub w ustrukturyzowanej formie.<\/p><p><strong>Prawo do sprzeciwu<\/strong><br>W przypadku nadrz\u0119dnych interes\u00f3w osoba, kt\u00f3rej dane dotycz\u0105, mo\u017ce zakaza\u0107 przetwarzania swoich danych.<\/p><p><strong>Prawo do odwo\u0142ania<\/strong><br>Je\u015bli u\u017cytkownik uwa\u017ca, \u017ce przetwarzanie jego danych narusza przepisy o ochronie danych lub \u017ce jego prawa do ochrony danych zosta\u0142y naruszone w jakikolwiek inny spos\u00f3b, mo\u017ce z\u0142o\u017cy\u0107 skarg\u0119 do organu nadzorczego. W Austrii jest to organ ochrony danych <a target=\"_blank\" rel=\"noopener noreferrer nofollow\" href=\"https:\/\/www.dsb.gv.at\">https:\/\/www.dsb.gv.at<\/a>.<\/p>\n<\/div><\/div>\n<\/section>","protected":false},"excerpt":{"rendered":"<p>Polityka prywatno\u015bci Data ostatniej aktualizacji: 1 stycznia 2023 r. Podstawowe informacjeIlogs healthcare GmbH - zwana dalej \"ILOGS\" - przywi\u0105zuje du\u017c\u0105 wag\u0119 do ochrony danych osobowych u\u017cytkownik\u00f3w. Przetwarzaj\u0105c Twoje dane, przestrzegamy aktualnych przepis\u00f3w europejskiego og\u00f3lnego rozporz\u0105dzenia o ochronie danych (RODO) z p\u00f3\u017aniejszymi zmianami.  Poni\u017cej znajduje si\u0119 wyja\u015bnienie sposobu, w jaki przetwarzamy [...]<\/p>","protected":false},"author":1,"featured_media":0,"parent":0,"menu_order":0,"comment_status":"closed","ping_status":"open","template":"","meta":{"_breakdance_hide_in_design_set":false,"_breakdance_tags":"","footnotes":""},"class_list":["post-3","page","type-page","status-publish","hentry"],"_links":{"self":[{"href":"https:\/\/james4work.com\/pl\/wp-json\/wp\/v2\/pages\/3","targetHints":{"allow":["GET"]}}],"collection":[{"href":"https:\/\/james4work.com\/pl\/wp-json\/wp\/v2\/pages"}],"about":[{"href":"https:\/\/james4work.com\/pl\/wp-json\/wp\/v2\/types\/page"}],"author":[{"embeddable":true,"href":"https:\/\/james4work.com\/pl\/wp-json\/wp\/v2\/users\/1"}],"replies":[{"embeddable":true,"href":"https:\/\/james4work.com\/pl\/wp-json\/wp\/v2\/comments?post=3"}],"version-history":[{"count":4,"href":"https:\/\/james4work.com\/pl\/wp-json\/wp\/v2\/pages\/3\/revisions"}],"predecessor-version":[{"id":114,"href":"https:\/\/james4work.com\/pl\/wp-json\/wp\/v2\/pages\/3\/revisions\/114"}],"wp:attachment":[{"href":"https:\/\/james4work.com\/pl\/wp-json\/wp\/v2\/media?parent=3"}],"curies":[{"name":"wp","href":"https:\/\/api.w.org\/{rel}","templated":true}]}}